{"id":16113,"date":"2021-07-05T09:49:25","date_gmt":"2021-07-05T07:49:25","guid":{"rendered":"https:\/\/www.elegance.fr\/?page_id=16113"},"modified":"2021-07-05T09:49:25","modified_gmt":"2021-07-05T07:49:25","slug":"formations-professionnelles-courtes","status":"publish","type":"page","link":"https:\/\/www.elegance.fr\/ja\/formations-professionnelles-courtes\/","title":{"rendered":"Formations Professionnelles courtes"},"content":{"rendered":"<div class=\"wpb-content-wrapper\"><p>[vc_row][vc_column][rev_slider_vc alias=&#8221;formations-pros&#8221;][\/vc_column][\/vc_row][vc_row css=&#8221;.vc_custom_1596023903016{margin-top: 70px !important;}&#8221;][vc_column offset=&#8221;vc_hidden-xs&#8221;][vc_column_text css=&#8221;.vc_custom_1617202027992{margin-top: -15px !important;}&#8221;]<\/p>\n<h2 style=\"text-align: center;\">Formations Professionnelles courtes El\u00e9gance Acad\u00e9mies<\/h2>\n<p>&nbsp;<\/p>\n<p style=\"text-align: center;\">El\u00e9gance Acad\u00e9mies respecte les normes PMR et dispose de rampes d\u2019acc\u00e8s, d\u2019un ascenseur et de mat\u00e9riels adapt\u00e9s.<\/p>\n<p>[\/vc_column_text][vc_btn title=&#8221;Cliquez et visitez notre \u00e9tablissement en virtuel&#8221; style=&#8221;3d&#8221; shape=&#8221;round&#8221; color=&#8221;mulled-wine&#8221; align=&#8221;center&#8221; link=&#8221;url:https%3A%2F%2Fvr.visite360pro.com%2Ftour%2F-yHGIkXgaIZklBGLkXgpI%3Fscene%3D43.69918692903%7C7.2704207613364%7C156.3442624025007%7C3.748409476846504%7C0.09697863637053761%7CCAoSLEFGMVFpcE1ZNEdMQ0laR2NNOHVJTnozR1JBcW1vdzFqZDA1RmhTWUNSUE1f%7Cfalse%7CGOOGLE|||&#8221;][vc_empty_space height=&#8221;20px&#8221;][vc_empty_space][\/vc_column][\/vc_row][vc_row][vc_column][vc_empty_space height=&#8221;42px&#8221;][vc_column_text]<\/p>\n<h2 style=\"text-align: center;\">Toutes nos formations professionnelles<\/h2>\n<p>[\/vc_column_text][vc_empty_space][\/vc_column][\/vc_row][vc_row][vc_column width=&#8221;1\/3&#8243;][vc_row_inner][vc_column_inner width=&#8221;5\/6&#8243;][vc_column_text]<\/p>\n<p style=\"font-size: 15px; text-transform: uppercase;\"><a href=\"https:\/\/www.elegance.fr\/academies\/formations\/formation-professionnelle-continue\/toutes-les-formations-pros\/formation-spa-massage-californien-elegance-france\/\">Massage Californien<\/a><\/p>\n<p>[\/vc_column_text][\/vc_column_inner][vc_column_inner width=&#8221;1\/6&#8243; offset=&#8221;vc_hidden-xs&#8221;][vc_column_text]<\/p>\n<p style=\"font-size: 20px; text-transform: uppercase; color: #dfccab;\"><a href=\"https:\/\/www.elegance.fr\/academies\/formations\/formation-professionnelle-continue\/toutes-les-formations-pros\/formation-spa-massage-californien-elegance-france\/\">&gt;<\/a><\/p>\n<p>[\/vc_column_text][\/vc_column_inner][\/vc_row_inner][vc_row_inner][vc_column_inner width=&#8221;5\/6&#8243;][vc_column_text]<\/p>\n<p style=\"font-size: 15px; text-transform: uppercase;\"><a href=\"https:\/\/www.elegance.fr\/academies\/formations\/formation-professionnelle-continue\/toutes-les-formations-pros\/formation-spa-massage-polynesien-elegance-france\/\">Massage polyn\u00e9sien<\/a><\/p>\n<p>[\/vc_column_text][\/vc_column_inner][vc_column_inner width=&#8221;1\/6&#8243; offset=&#8221;vc_hidden-xs&#8221;][vc_column_text]<\/p>\n<p style=\"font-size: 15px; text-transform: uppercase; color: #dfccab;\"><a href=\"https:\/\/www.elegance.fr\/academies\/formations\/formation-professionnelle-continue\/toutes-les-formations-pros\/formation-spa-massage-polynesien-elegance-france\/\">&gt;<\/a><\/p>\n<p>[\/vc_column_text][\/vc_column_inner][\/vc_row_inner][vc_row_inner][vc_column_inner width=&#8221;5\/6&#8243;][vc_column_text]<\/p>\n<p style=\"font-size: 15px; text-transform: uppercase;\"><a href=\"https:\/\/www.elegance.fr\/academies\/formations\/formation-professionnelle-continue\/toutes-les-formations-pros\/formation-spa-massage-japonais-elegance-france\/\">Massage JaponaiS<\/a><\/p>\n<p>[\/vc_column_text][\/vc_column_inner][vc_column_inner width=&#8221;1\/6&#8243; offset=&#8221;vc_hidden-xs&#8221;][vc_column_text]<\/p>\n<p style=\"font-size: 15px; text-transform: uppercase; color: #dfccab;\"><a href=\"https:\/\/www.elegance.fr\/academies\/formations\/formation-professionnelle-continue\/toutes-les-formations-pros\/formation-spa-massage-japonais-elegance-france\/\">&gt;<\/a><\/p>\n<p>[\/vc_column_text][\/vc_column_inner][\/vc_row_inner][vc_row_inner][vc_column_inner width=&#8221;5\/6&#8243;][vc_column_text]<\/p>\n<p style=\"font-size: 15px; text-transform: uppercase;\"><a href=\"https:\/\/www.elegance.fr\/academies\/formations\/formation-professionnelle-continue\/toutes-les-formations-pros\/formation-spa-sport-massage-elegance-france\/\">Sport massage<\/a><\/p>\n<p>[\/vc_column_text][\/vc_column_inner][vc_column_inner width=&#8221;1\/6&#8243; offset=&#8221;vc_hidden-xs&#8221;][vc_column_text]<\/p>\n<p style=\"font-size: 15px; text-transform: uppercase; color: #dfccab;\"><a href=\"https:\/\/www.elegance.fr\/academies\/formations\/formation-professionnelle-continue\/toutes-les-formations-pros\/formation-spa-sport-massage-elegance-france\/\">&gt;<\/a><\/p>\n<p>[\/vc_column_text][\/vc_column_inner][\/vc_row_inner][vc_row_inner][vc_column_inner width=&#8221;5\/6&#8243;][vc_column_text]<\/p>\n<p style=\"font-size: 15px; text-transform: uppercase;\"><a href=\"https:\/\/www.elegance.fr\/academies\/formations\/formation-professionnelle-continue\/toutes-les-formations-pros\/formation-spa-massage-head-spa-elegance-france\/\">Massage head spa<\/a><\/p>\n<p>[\/vc_column_text][\/vc_column_inner][vc_column_inner width=&#8221;1\/6&#8243; offset=&#8221;vc_hidden-xs&#8221;][vc_column_text]<\/p>\n<p style=\"font-size: 15px; text-transform: uppercase; color: #dfccab;\"><a href=\"https:\/\/www.elegance.fr\/academies\/formations\/formation-professionnelle-continue\/toutes-les-formations-pros\/formation-spa-massage-head-spa-elegance-france\/\">&gt;<\/a><\/p>\n<p>[\/vc_column_text][\/vc_column_inner][\/vc_row_inner][vc_row_inner][vc_column_inner width=&#8221;5\/6&#8243;][vc_column_text]<\/p>\n<p style=\"font-size: 15px; text-transform: uppercase;\"><a href=\"https:\/\/www.elegance.fr\/academies\/formations\/formation-professionnelle-continue\/toutes-les-formations-pros\/formation-deep-massage\/\">Deep massage<\/a><\/p>\n<p>[\/vc_column_text][\/vc_column_inner][vc_column_inner width=&#8221;1\/6&#8243; offset=&#8221;vc_hidden-xs&#8221;][vc_column_text]<\/p>\n<p style=\"font-size: 15px; text-transform: uppercase; color: #dfccab;\"><a href=\"https:\/\/www.elegance.fr\/academies\/formations\/formation-professionnelle-continue\/toutes-les-formations-pros\/formation-deep-massage\/\">&gt;<\/a><\/p>\n<p>[\/vc_column_text][\/vc_column_inner][\/vc_row_inner][vc_row_inner][vc_column_inner width=&#8221;5\/6&#8243;][vc_column_text]<\/p>\n<p style=\"font-size: 15px; text-transform: uppercase;\"><a href=\"https:\/\/www.elegance.fr\/academies\/formations\/formation-professionnelle-continue\/toutes-les-formations-pros\/formation-soin-amincissant\/\">soin amincissant<\/a><\/p>\n<p>[\/vc_column_text][\/vc_column_inner][vc_column_inner width=&#8221;1\/6&#8243; offset=&#8221;vc_hidden-xs&#8221;][vc_column_text]<\/p>\n<p style=\"font-size: 15px; text-transform: uppercase; color: #dfccab;\"><a href=\"https:\/\/www.elegance.fr\/academies\/formations\/formation-professionnelle-continue\/toutes-les-formations-pros\/formation-soin-amincissant\/\">&gt;<\/a><\/p>\n<p>[\/vc_column_text][\/vc_column_inner][\/vc_row_inner][vc_row_inner][vc_column_inner width=&#8221;5\/6&#8243;][vc_column_text]<\/p>\n<p style=\"font-size: 15px; text-transform: uppercase;\"><a href=\"https:\/\/www.elegance.fr\/academies\/formations\/formation-professionnelle-continue\/toutes-les-formations-pros\/formation\/\">gommage corporel<\/a><\/p>\n<p>[\/vc_column_text][\/vc_column_inner][vc_column_inner width=&#8221;1\/6&#8243; offset=&#8221;vc_hidden-xs&#8221;][vc_column_text]<\/p>\n<p style=\"font-size: 15px; text-transform: uppercase; color: #dfccab;\"><a href=\"https:\/\/www.elegance.fr\/academies\/formations\/formation-professionnelle-continue\/toutes-les-formations-pros\/formation\/\">&gt;<\/a><\/p>\n<p>[\/vc_column_text][\/vc_column_inner][\/vc_row_inner][\/vc_column][vc_column width=&#8221;1\/3&#8243;][vc_row_inner][vc_column_inner width=&#8221;5\/6&#8243;][vc_column_text]<\/p>\n<p style=\"font-size: 15px; text-transform: uppercase;\"><a href=\"https:\/\/www.elegance.fr\/academies\/formations\/formation-professionnelle-continue\/toutes-les-formations-pros\/formation-massage-abhyanga\/\">Massage abhyanga<\/a><\/p>\n<p>[\/vc_column_text][\/vc_column_inner][vc_column_inner width=&#8221;1\/6&#8243; offset=&#8221;vc_hidden-xs&#8221;][vc_column_text]<\/p>\n<p style=\"font-size: 15px; text-transform: uppercase; color: #dfccab;\"><a href=\"https:\/\/www.elegance.fr\/academies\/formations\/formation-professionnelle-continue\/toutes-les-formations-pros\/formation-massage-abhyanga\/\">&gt;<\/a><\/p>\n<p>[\/vc_column_text][\/vc_column_inner][\/vc_row_inner][vc_row_inner][vc_column_inner width=&#8221;5\/6&#8243;][vc_column_text]<\/p>\n<p style=\"font-size: 15px; text-transform: uppercase;\"><a href=\"https:\/\/www.elegance.fr\/academies\/formations\/formation-professionnelle-continue\/toutes-les-formations-pros\/formation-massage-prenata\/\">Massage pr\u00e9natal<\/a><\/p>\n<p>[\/vc_column_text][\/vc_column_inner][vc_column_inner width=&#8221;1\/6&#8243; offset=&#8221;vc_hidden-xs&#8221;][vc_column_text]<\/p>\n<p style=\"font-size: 20px; text-transform: uppercase; color: #dfccab;\"><a href=\"https:\/\/www.elegance.fr\/academies\/formations\/formation-professionnelle-continue\/toutes-les-formations-pros\/formation-massage-prenata\/\">&gt;<\/a><\/p>\n<p>[\/vc_column_text][\/vc_column_inner][\/vc_row_inner][vc_row_inner][vc_column_inner width=&#8221;5\/6&#8243;][vc_column_text]<\/p>\n<p style=\"font-size: 15px; text-transform: uppercase;\"><a href=\"https:\/\/www.elegance.fr\/academies\/formations\/formation-professionnelle-continue\/toutes-les-formations-pros\/formation-massage-balinais\/\">Massage Balinais<\/a><\/p>\n<p>[\/vc_column_text][\/vc_column_inner][vc_column_inner width=&#8221;1\/6&#8243; offset=&#8221;vc_hidden-xs&#8221;][vc_column_text]<\/p>\n<p style=\"font-size: 20px; text-transform: uppercase; color: #dfccab;\"><a href=\"https:\/\/www.elegance.fr\/academies\/formations\/formation-professionnelle-continue\/toutes-les-formations-pros\/formation-massage-balinais\/\">&gt;<\/a><\/p>\n<p>[\/vc_column_text][\/vc_column_inner][\/vc_row_inner][vc_row_inner][vc_column_inner width=&#8221;5\/6&#8243;][vc_column_text]<\/p>\n<p style=\"font-size: 15px; text-transform: uppercase;\"><a href=\"https:\/\/www.elegance.fr\/academies\/formations\/formation-professionnelle-continue\/toutes-les-formations-pros\/formation-reflexologie-plantaire\/\">Reflexologie plantaire<\/a><\/p>\n<p>[\/vc_column_text][\/vc_column_inner][vc_column_inner width=&#8221;1\/6&#8243; offset=&#8221;vc_hidden-xs&#8221;][vc_column_text]<\/p>\n<p style=\"font-size: 20px; text-transform: uppercase; color: #dfccab;\"><a href=\"https:\/\/www.elegance.fr\/academies\/formations\/formation-professionnelle-continue\/toutes-les-formations-pros\/formation-reflexologie-plantaire\/\">&gt;<\/a><\/p>\n<p>[\/vc_column_text][\/vc_column_inner][\/vc_row_inner][vc_row_inner][vc_column_inner width=&#8221;5\/6&#8243;][vc_column_text]<\/p>\n<p style=\"font-size: 15px; text-transform: uppercase;\"><a href=\"https:\/\/www.elegance.fr\/academies\/formations\/formation-professionnelle-continue\/toutes-les-formations-pros\/formation-massage-shiatsu\/\">Massage shiatsu<\/a><\/p>\n<p>[\/vc_column_text][\/vc_column_inner][vc_column_inner width=&#8221;1\/6&#8243; offset=&#8221;vc_hidden-xs&#8221;][vc_column_text]<\/p>\n<p style=\"font-size: 15px; text-transform: uppercase; color: #dfccab;\"><a href=\"https:\/\/www.elegance.fr\/academies\/formations\/formation-professionnelle-continue\/toutes-les-formations-pros\/formation-massage-shiatsu\/\">&gt;<\/a><\/p>\n<p>[\/vc_column_text][\/vc_column_inner][\/vc_row_inner][vc_row_inner][vc_column_inner width=&#8221;5\/6&#8243;][vc_column_text]<\/p>\n<p style=\"font-size: 15px; text-transform: uppercase;\"><a href=\"https:\/\/www.elegance.fr\/academies\/formations\/formation-professionnelle-continue\/toutes-les-formations-pros\/formation-drainage-lympathique\/\">DRAINAGE LYMPHATIQUE<\/a><\/p>\n<p>[\/vc_column_text][\/vc_column_inner][vc_column_inner width=&#8221;1\/6&#8243; offset=&#8221;vc_hidden-xs&#8221;][vc_column_text]<\/p>\n<p style=\"font-size: 15px; text-transform: uppercase; color: #dfccab;\"><a href=\"https:\/\/www.elegance.fr\/academies\/formations\/formation-professionnelle-continue\/toutes-les-formations-pros\/formation-drainage-lympathique\/\">&gt;<\/a><\/p>\n<p>[\/vc_column_text][\/vc_column_inner][\/vc_row_inner][vc_row_inner][vc_column_inner width=&#8221;5\/6&#8243;][vc_column_text]<\/p>\n<p style=\"font-size: 15px; text-transform: uppercase;\"><a href=\"https:\/\/www.elegance.fr\/academies\/formations\/formation-professionnelle-continue\/toutes-les-formations-pros\/formation-massage-pierres-chaudes\/\">Massage pierres chaudes<\/a><\/p>\n<p>[\/vc_column_text][\/vc_column_inner][vc_column_inner width=&#8221;1\/6&#8243; offset=&#8221;vc_hidden-xs&#8221;][vc_column_text]<\/p>\n<p style=\"font-size: 20px; text-transform: uppercase; color: #dfccab;\"><a href=\"https:\/\/www.elegance.fr\/academies\/formations\/formation-professionnelle-continue\/toutes-les-formations-pros\/formation-massage-pierres-chaudes\/\">&gt;<\/a><\/p>\n<p>[\/vc_column_text][\/vc_column_inner][\/vc_row_inner][vc_row_inner][vc_column_inner width=&#8221;5\/6&#8243;][vc_column_text]<\/p>\n<p style=\"font-size: 15px; text-transform: uppercase;\"><a href=\"https:\/\/www.elegance.fr\/academies\/formations\/formation-professionnelle-continue\/toutes-les-formations-pros\/formation-massage-thai\/\">Massage tha\u00ef<\/a><\/p>\n<p>[\/vc_column_text][\/vc_column_inner][vc_column_inner width=&#8221;1\/6&#8243; offset=&#8221;vc_hidden-xs&#8221;][vc_column_text]<\/p>\n<p style=\"font-size: 20px; text-transform: uppercase; color: #dfccab;\"><a href=\"https:\/\/www.elegance.fr\/academies\/formations\/formation-professionnelle-continue\/toutes-les-formations-pros\/formation-massage-thai\/\">&gt;<\/a><\/p>\n<p>[\/vc_column_text][\/vc_column_inner][\/vc_row_inner][\/vc_column][vc_column width=&#8221;1\/3&#8243;][vc_row_inner][vc_column_inner width=&#8221;5\/6&#8243;][vc_column_text]<\/p>\n<p style=\"font-size: 15px; text-transform: uppercase;\"><a href=\"https:\/\/www.elegance.fr\/academies\/formations\/formation-professionnelle-continue\/toutes-les-formations-pros\/formation-massage-bougie\/\">Massage \u00e0 la bougie<\/a><\/p>\n<p>[\/vc_column_text][\/vc_column_inner][vc_column_inner width=&#8221;1\/6&#8243; offset=&#8221;vc_hidden-xs&#8221;][vc_column_text]<\/p>\n<p style=\"font-size: 20px; text-transform: uppercase; color: #dfccab;\"><a href=\"https:\/\/www.elegance.fr\/academies\/formations\/formation-professionnelle-continue\/toutes-les-formations-pros\/formation-massage-bougie\/\">&gt;<\/a><\/p>\n<p>[\/vc_column_text][\/vc_column_inner][\/vc_row_inner][vc_row_inner][vc_column_inner width=&#8221;5\/6&#8243;][vc_column_text]<\/p>\n<p style=\"font-size: 15px; text-transform: uppercase;\"><a href=\"https:\/\/www.elegance.fr\/academies\/formations\/formation-professionnelle-continue\/toutes-les-formations-pros\/formation-massage-suedois\/\">Massage su\u00e9dois<\/a><\/p>\n<p>[\/vc_column_text][\/vc_column_inner][vc_column_inner width=&#8221;1\/6&#8243; offset=&#8221;vc_hidden-xs&#8221;][vc_column_text]<\/p>\n<p style=\"font-size: 20px; text-transform: uppercase; color: #dfccab;\"><a href=\"https:\/\/www.elegance.fr\/academies\/formations\/formation-professionnelle-continue\/toutes-les-formations-pros\/formation-massage-suedois\/\">&gt;<\/a><\/p>\n<p>[\/vc_column_text][\/vc_column_inner][\/vc_row_inner][vc_row_inner][vc_column_inner width=&#8221;5\/6&#8243;][vc_column_text]<\/p>\n<p style=\"font-size: 15px; text-transform: uppercase;\"><a href=\"https:\/\/www.elegance.fr\/academies\/formations\/formation-professionnelle-continue\/formation-maquillage-longue-duree\/\">Maquillage longue dur\u00e9e<\/a><br \/>\n<span style=\"font-size: 13px; text-transform: none;\">Esth\u00e9tique<\/span><\/p>\n<p>[\/vc_column_text][\/vc_column_inner][vc_column_inner width=&#8221;1\/6&#8243; offset=&#8221;vc_hidden-xs&#8221;][vc_column_text]<\/p>\n<p style=\"font-size: 20px; text-transform: uppercase; color: #dfccab;\"><a href=\"https:\/\/www.elegance.fr\/academies\/formations\/formation-professionnelle-continue\/toutes-les-formations-pros\/formation-maquillage-longue-duree\/\">&gt;<\/a><\/p>\n<p>[\/vc_column_text][\/vc_column_inner][\/vc_row_inner][vc_row_inner][vc_column_inner width=&#8221;5\/6&#8243;][vc_column_text]<\/p>\n<p style=\"font-size: 15px; text-transform: uppercase;\"><a href=\"https:\/\/www.elegance.fr\/academies\/formations\/formation-professionnelle-continue\/formation-stylisme-ongulaire\/\">formation styliste ongulaire<\/a><br \/>\n<span style=\"font-size: 13px; text-transform: none;\">Esth\u00e9tique<\/span><\/p>\n<p>[\/vc_column_text][\/vc_column_inner][vc_column_inner width=&#8221;1\/6&#8243; offset=&#8221;vc_hidden-xs&#8221;][vc_column_text]<\/p>\n<p style=\"font-size: 20px; text-transform: uppercase; color: #dfccab;\"><a href=\"https:\/\/www.elegance.fr\/academies\/formations\/formation-professionnelle-continue\/formation-stylisme-ongulaire\/\">&gt;<\/a><\/p>\n<p>[\/vc_column_text][\/vc_column_inner][\/vc_row_inner][vc_row_inner][vc_column_inner width=&#8221;5\/6&#8243;][vc_column_text]<\/p>\n<p style=\"font-size: 15px; text-transform: uppercase;\"><a href=\"https:\/\/www.elegance.fr\/academies\/formations\/formation-professionnelle-continue\/formation-extension-cils\/\">formation extension de cils<\/a><br \/>\n<span style=\"font-size: 13px; text-transform: none;\">Esth\u00e9tique<\/span><\/p>\n<p>[\/vc_column_text][\/vc_column_inner][vc_column_inner width=&#8221;1\/6&#8243; offset=&#8221;vc_hidden-xs&#8221;][vc_column_text]<\/p>\n<p style=\"font-size: 20px; text-transform: uppercase; color: #dfccab;\"><a href=\"https:\/\/www.elegance.fr\/academies\/formations\/formation-professionnelle-continue\/formation-extension-cils\/\">&gt;<\/a><\/p>\n<p>[\/vc_column_text][\/vc_column_inner][\/vc_row_inner][vc_row_inner][vc_column_inner width=&#8221;5\/6&#8243;][vc_column_text]<\/p>\n<p style=\"font-size: 15px; text-transform: uppercase;\"><a href=\"https:\/\/www.elegance.fr\/academies\/formations\/formation-professionnelle-continue\/toutes-les-formations-pros\/formation-hygiene-et-salubrite\/\">Hygi\u00e8ne et salubrit\u00e9<\/a><br \/>\n<span style=\"font-size: 13px; text-transform: none;\">Esth\u00e9tique<\/span><\/p>\n<p>[\/vc_column_text][\/vc_column_inner][vc_column_inner width=&#8221;1\/6&#8243; offset=&#8221;vc_hidden-xs&#8221;][vc_column_text]<\/p>\n<p style=\"font-size: 20px; text-transform: uppercase; color: #dfccab;\"><a href=\"https:\/\/www.elegance.fr\/academies\/formations\/formation-professionnelle-continue\/formation-extension-cils\/\">&gt;<\/a><\/p>\n<p>[\/vc_column_text][\/vc_column_inner][\/vc_row_inner][vc_row_inner][vc_column_inner width=&#8221;5\/6&#8243;][vc_column_text]<\/p>\n<p style=\"font-size: 15px; text-transform: uppercase;\"><span style=\"color: #800000;\"><a style=\"color: #800000;\" href=\"https:\/\/www.elegance.fr\/formation-massage-mediterraneen\/\">NOUVEAU ! MASSAGE MEDITERRANNEEN <\/a><\/span><\/p>\n<p>[\/vc_column_text][\/vc_column_inner][vc_column_inner width=&#8221;1\/6&#8243; offset=&#8221;vc_hidden-xs&#8221;][vc_column_text]<\/p>\n<p style=\"font-size: 20px; text-transform: uppercase; color: #dfccab;\"><a href=\"https:\/\/www.elegance.fr\/academies\/formations\/formation-professionnelle-continue\/formation-extension-cils\/\">&gt;<\/a><\/p>\n<p>[\/vc_column_text][\/vc_column_inner][\/vc_row_inner][\/vc_column][\/vc_row][vc_row full_width=&#8221;stretch_row&#8221; css=&#8221;.vc_custom_1603989667365{margin-top: 70px !important;margin-bottom: 70px !important;padding-top: 50px !important;padding-bottom: 70px !important;background-image: url(https:\/\/www.elegance.fr\/wp-content\/uploads\/2020\/07\/fond-e\u0301le\u0301gance.jpg?id=9569) !important;}&#8221;][vc_column][vc_empty_space][vc_row_inner][vc_column_inner width=&#8221;1\/6&#8243;][\/vc_column_inner][vc_column_inner width=&#8221;2\/3&#8243;][vc_column_text]<\/p>\n<h2 style=\"text-align: center;\">Une p\u00e9dagogie unique en son genre,<br \/>\nau c\u0153ur\u00a0du m\u00e9tier<\/h2>\n<p style=\"text-align: center;\"><strong>Depuis plus de 50 ans<\/strong> , nous formons nos \u00e9l\u00e8ves aux m\u00e9tiers et aux comp\u00e9tences les plus diverses de l\u2019Esth\u00e9tique et du Spa dans des conditions privil\u00e9gi\u00e9es : plus de <strong>1500m2 d\u00e9di\u00e9s \u00e0 la pratique<\/strong>, un contact avec les clients de l\u2019accueil aux soins, la participation de nos \u00e9l\u00e8ves \u00e0 des \u00e9v\u00e8nements de renoms sous l\u2019encadrement et les conseils d\u2019enseignants professionnels qualifi\u00e9s.<\/p>\n<p style=\"text-align: center;\">Bas\u00e9e sur la\u00a0<strong>p\u00e9dagogie situationnelle<\/strong>, chacune de ces formations combine<strong> th\u00e9orie et pratique<\/strong>\u00a0permettant d\u2019acqu\u00e9rir une exp\u00e9rience unique, <strong>en situation r\u00e9elle dans les spas et instituts d\u2019application<\/strong>, afin de d\u00e9velopper un excellent savoir-faire professionnel et de solides comp\u00e9tences.<\/p>\n<p style=\"text-align: center;\">C\u2019est gr\u00e2ce \u00e0 la pr\u00e9sence internationale d\u2019El\u00e9gance France (Japon, Inde, Maroc, Bi\u00e9lorussie) et \u00e0 toutes ses exp\u00e9riences professionnelles (Russie, Ukraine, Tha\u00eflande, Chine, USA, Emirates\u2026) qu\u2019El\u00e9gance a d\u00e9velopp\u00e9 de r\u00e9elles connaissances et comp\u00e9tences dans les diff\u00e9rentes approches et techniques de la Beaut\u00e9, du Bien-\u00catre, du Spa et du massage.<\/p>\n<p style=\"text-align: center;\">Elegance Acad\u00e9mies offre la possibilit\u00e9 de se sp\u00e9cialiser dans de tr\u00e8s <strong>nombreux\u00a0domaines professionnels de ce secteur<\/strong> (Maquillage professionnel, Management de spa ou d\u2019institut, Manucurie, Spa\u2026).<\/p>\n<p>[\/vc_column_text][\/vc_column_inner][vc_column_inner width=&#8221;1\/6&#8243;][\/vc_column_inner][\/vc_row_inner][\/vc_column][\/vc_row][vc_row css=&#8221;.vc_custom_1596117236290{margin-bottom: 70px !important;}&#8221;][vc_column][vc_empty_space][vc_btn title=&#8221;Me renseigner sur une formation&#8221; style=&#8221;outline-custom&#8221; outline_custom_color=&#8221;#0a0a0a&#8221; outline_custom_hover_background=&#8221;#dfccab&#8221; outline_custom_hover_text=&#8221;#ffffff&#8221; shape=&#8221;square&#8221; align=&#8221;center&#8221; i_icon_fontawesome=&#8221;fa fa-pencil&#8221; add_icon=&#8221;true&#8221; link=&#8221;url:https%3A%2F%2Fwww.elegance.fr%2Fnous-contacter%2F|||&#8221;][\/vc_column][\/vc_row][vc_row full_width=&#8221;stretch_row&#8221; css=&#8221;.vc_custom_1596105876741{margin-bottom: 70px !important;padding-top: 70px !important;padding-bottom: 70px !important;background-color: #dfccab !important;}&#8221;][vc_column width=&#8221;1\/2&#8243;][vc_row_inner css=&#8221;.vc_custom_1596040764344{margin-right: 40px !important;}&#8221;][vc_column_inner width=&#8221;1\/2&#8243;][vc_single_image image=&#8221;9578&#8243; img_size=&#8221;full&#8221;][\/vc_column_inner][vc_column_inner width=&#8221;1\/2&#8243;][vc_empty_space height=&#8221;55px&#8221;][vc_single_image image=&#8221;9581&#8243; img_size=&#8221;full&#8221;][vc_empty_space][\/vc_column_inner][\/vc_row_inner][\/vc_column][vc_column width=&#8221;1\/2&#8243;][vc_column_text]<\/p>\n<h2 style=\"color: white;\">Formez-vous aux derni\u00e8res tendances, avec des \u00e9quipements haut de gamme \u00e0 la pointe des technologies.<\/h2>\n<p>[\/vc_column_text][vc_column_text]<\/p>\n<p style=\"color: white;\">Notre \u00e9tablissement de formation sp\u00e9cialis\u00e9 dans les m\u00e9tiers de la beaut\u00e9 vous accueille dans plus de 1 500m2 avec de nombreux espace \u00e0 votre disposition : salles d\u00e9di\u00e9es \u00e0 la th\u00e9orie, salle d\u00e9di\u00e9e \u00e0 la pratique, atelier onglerie, atelier esth\u00e9tique, spa d&#8217;application, installations et \u00e9quipements dernier cri pour pratiquer et ma\u00eetriser vos soins.<\/p>\n<p style=\"color: white;\">Parce que nous formons l&#8217;avenir du Spa et de l&#8217;esth\u00e9tique, les \u00e9quipements et les technologies sur lesquels travaillent nos \u00e9l\u00e8ves sont les plus r\u00e9cents du march\u00e9 pour \u00eatre toujours au plus haut du niveau.<\/p>\n<p>[\/vc_column_text][vc_btn title=&#8221;D\u00e9couvrir les campus&#8221; style=&#8221;outline-custom&#8221; outline_custom_color=&#8221;#ffffff&#8221; outline_custom_hover_background=&#8221;#dfccab&#8221; outline_custom_hover_text=&#8221;#ffffff&#8221; shape=&#8221;square&#8221; align=&#8221;left&#8221; i_icon_fontawesome=&#8221;fa fa-plus&#8221; add_icon=&#8221;true&#8221; link=&#8221;url:https%3A%2F%2Fwww.elegance.fr%2Facademies%2Fles-campus%2F|||&#8221;][vc_empty_space][\/vc_column][\/vc_row][vc_row][vc_column][vc_column_text]<\/p>\n<h2 style=\"text-align: center;\">Nos plus belles <strong>r\u00e9ussites<\/strong><\/h2>\n<p>[\/vc_column_text][\/vc_column][\/vc_row][vc_row][vc_column width=&#8221;1\/6&#8243;][\/vc_column][vc_column width=&#8221;2\/3&#8243;][vc_row_inner css=&#8221;.vc_custom_1597660562454{border-top-width: 1px !important;border-right-width: 1px !important;border-bottom-width: 1px !important;border-left-width: 1px !important;padding-top: 20px !important;padding-right: 30px !important;padding-bottom: 10px !important;padding-left: 30px !important;border-left-color: #878787 !important;border-left-style: solid !important;border-right-color: #878787 !important;border-right-style: solid !important;border-top-color: #878787 !important;border-top-style: solid !important;border-bottom-color: #878787 !important;border-bottom-style: solid !important;}&#8221;][vc_column_inner width=&#8221;1\/3&#8243;][vc_empty_space height=&#8221;10px&#8221;][vc_single_image image=&#8221;11064&#8243; img_size=&#8221;full&#8221;][\/vc_column_inner][vc_column_inner width=&#8221;2\/3&#8243;][vc_single_image image=&#8221;10594&#8243; img_size=&#8221;60&#215;34&#8243;][vc_column_text css=&#8221;.vc_custom_1600958896093{margin-top: -20px !important;}&#8221;]<\/p>\n<p style=\"font-size: 18px;\">J\u2019ai choisi \u00c9l\u00e9gance Acad\u00e9mies pour faire la formation de spa praticien.<br \/>\nJ\u2019ai suivi une formation de qualit\u00e9, les professeures sont passionn\u00e9es et \u00e0 l\u2019\u00e9coute.<br \/>\nJ\u2019ai pu effectuer mon stage au sein du spa \u00c9l\u00e9gance \u00e0 Ocean Vagabond Dakhla Lagoon au Maroc.<br \/>\nDepuis mon dipl\u00f4me, j\u2019ai eu de multiples exp\u00e9riences : l\u2019h\u00f4tel spa Montaigne de cannes, les Fermes de Marie \u00e0 Meg\u00e8ve, le spa Pure Altitude.<br \/>\nJe recommande El\u00e9gance Acad\u00e9mies car l\u2019\u00e9tablissement est \u00e0 la pointe de la technologie, le spa d\u2019application est magnifique et nous travaillons avec des marques que j\u2019adore.<\/p>\n<p>[\/vc_column_text][vc_column_text css=&#8221;.vc_custom_1600958910648{margin-top: -20px !important;}&#8221;]<\/p>\n<p style=\"font-size: 16px;\"><span style=\"color: #d6c199;\"><b>Marine VICTORIA <\/b><\/span><\/p>\n<p>[\/vc_column_text][\/vc_column_inner][\/vc_row_inner][\/vc_column][vc_column width=&#8221;1\/6&#8243;][\/vc_column][\/vc_row][vc_row css=&#8221;.vc_custom_1599768726808{margin-top: 70px !important;margin-bottom: -50px !important;}&#8221;][vc_column][vc_column_text]<\/p>\n<h3 style=\"text-align: center;\">Retrouvez-nous sur les <strong>r\u00e9seaux sociaux<\/strong> !<\/h3>\n<p>[\/vc_column_text]\r\n\t        <ul class=\"sk_social_icons_list center\">\r\n\r\n\t\t\t\t\r\n\t\t\t\t\t\t\t\t<li class=\"sk_social_icon default_icon\">\r\n\t\t\t\t\t\t\t\t\t<a class=\"sk_social_icon_link\" target=\"_blank\"\r\n\t\t\t\t\t\t\t\t\t\thref=\"https:\/\/www.facebook.com\/elegance.academies\/\" alt=\"\" title=\"\">\r\n\t\t\t\t\t\t\t\t\t\t<svg\r\n\t\t\t\t\t\t\t\t\t\t\tclass=\"\"\r\n\t\t\t\t\t\t\t\t\t\t\txmlns=\"http:\/\/www.w3.org\/2000\/svg\" x=\"0px\" y=\"0px\"\r\n\t\t\t\t\t\t\t\t\t\t\twidth=\"24\" height=\"24\"\r\n\t\t\t\t\t\t\t\t\t\t\tviewBox=\"0 0 50 50\"\r\n\t\t\t\t\t\t\t\t\t\t\t>\r\n\t\t\t\t\t\t\t\t\t\t\t<path d=\"M32,11h5c0.552,0,1-0.448,1-1V3.263c0-0.524-0.403-0.96-0.925-0.997C35.484,2.153,32.376,2,30.141,2C24,2,20,5.68,20,12.368 V19h-7c-0.552,0-1,0.448-1,1v7c0,0.552,0.448,1,1,1h7v19c0,0.552,0.448,1,1,1h7c0.552,0,1-0.448,1-1V28h7.222 c0.51,0,0.938-0.383,0.994-0.89l0.778-7C38.06,19.518,37.596,19,37,19h-8v-5C29,12.343,30.343,11,32,11z\"><\/path>\r\n\t\t\t\t\t\t\t\t\t\t<\/svg>\r\n\t\t\t\t\t\t\t\t\t<\/a>\r\n\t\t\t\t\t\t\t\t<\/li>\r\n\r\n\t\t\t\t\t\t\t\t\r\n\t\t\t\t\t\t\t\t<li class=\"sk_social_icon default_icon\">\r\n\t\t\t\t\t\t\t\t\t<a class=\"sk_social_icon_link\" target=\"_blank\"\r\n\t\t\t\t\t\t\t\t\t\thref=\"https:\/\/www.instagram.com\/elegance_academies_france\/?hl=fr\" alt=\"\" title=\"\">\r\n\t\t\t\t\t\t\t\t\t\t<svg\r\n\t\t\t\t\t\t\t\t\t\t\tclass=\"\"\r\n\t\t\t\t\t\t\t\t\t\t\txmlns=\"http:\/\/www.w3.org\/2000\/svg\" x=\"0px\" y=\"0px\"\r\n\t\t\t\t\t\t\t\t\t\t\twidth=\"24\" height=\"24\"\r\n\t\t\t\t\t\t\t\t\t\t\tviewBox=\"0 0 50 50\"\r\n\t\t\t\t\t\t\t\t\t\t\t>\r\n\t\t\t\t\t\t\t\t\t\t\t<path d=\"M 16 3 C 8.83 3 3 8.83 3 16 L 3 34 C 3 41.17 8.83 47 16 47 L 34 47 C 41.17 47 47 41.17 47 34 L 47 16 C 47 8.83 41.17 3 34 3 L 16 3 z M 37 11 C 38.1 11 39 11.9 39 13 C 39 14.1 38.1 15 37 15 C 35.9 15 35 14.1 35 13 C 35 11.9 35.9 11 37 11 z M 25 14 C 31.07 14 36 18.93 36 25 C 36 31.07 31.07 36 25 36 C 18.93 36 14 31.07 14 25 C 14 18.93 18.93 14 25 14 z M 25 16 C 20.04 16 16 20.04 16 25 C 16 29.96 20.04 34 25 34 C 29.96 34 34 29.96 34 25 C 34 20.04 29.96 16 25 16 z\"><\/path>\r\n\t\t\t\t\t\t\t\t\t\t<\/svg>\r\n\t\t\t\t\t\t\t\t\t<\/a>\r\n\t\t\t\t\t\t\t\t<\/li>\r\n\r\n\t\t\t\t\t\t\t\t\r\n\t\t\t\t\t\t\t\t<li class=\"sk_social_icon default_icon\">\r\n\t\t\t\t\t\t\t\t\t<a class=\"sk_social_icon_link\" target=\"_blank\"\r\n\t\t\t\t\t\t\t\t\t\thref=\"https:\/\/www.youtube.com\/channel\/UCEW5y7Snu4UlV4YT-oRIaVA\" alt=\"\" title=\"\">\r\n\t\t\t\t\t\t\t\t\t\t<svg\r\n\t\t\t\t\t\t\t\t\t\t\tclass=\"\"\r\n\t\t\t\t\t\t\t\t\t\t\txmlns=\"http:\/\/www.w3.org\/2000\/svg\" x=\"0px\" y=\"0px\"\r\n\t\t\t\t\t\t\t\t\t\t\twidth=\"24\" height=\"24\"\r\n\t\t\t\t\t\t\t\t\t\t\tviewBox=\"0 0 50 50\"\r\n\t\t\t\t\t\t\t\t\t\t\t>\r\n\t\t\t\t\t\t\t\t\t\t\t<path d=\"M 44.898438 14.5 C 44.5 12.300781 42.601563 10.699219 40.398438 10.199219 C 37.101563 9.5 31 9 24.398438 9 C 17.800781 9 11.601563 9.5 8.300781 10.199219 C 6.101563 10.699219 4.199219 12.199219 3.800781 14.5 C 3.398438 17 3 20.5 3 25 C 3 29.5 3.398438 33 3.898438 35.5 C 4.300781 37.699219 6.199219 39.300781 8.398438 39.800781 C 11.898438 40.5 17.898438 41 24.5 41 C 31.101563 41 37.101563 40.5 40.601563 39.800781 C 42.800781 39.300781 44.699219 37.800781 45.101563 35.5 C 45.5 33 46 29.398438 46.101563 25 C 45.898438 20.5 45.398438 17 44.898438 14.5 Z M 19 32 L 19 18 L 31.199219 25 Z \"><\/path>\r\n\t\t\t\t\t\t\t\t\t\t<\/svg>\r\n\t\t\t\t\t\t\t\t\t<\/a>\r\n\t\t\t\t\t\t\t\t<\/li>\r\n\r\n\t\t\t\t\t\t\t\t\r\n\t        <\/ul>\r\n\r\n\t\t    [\/vc_column][\/vc_row]<\/p>\n<\/div>","protected":false},"excerpt":{"rendered":"<p>[vc_row][vc_column][rev_slider_vc alias=&#8221;formations-pros&#8221;][\/vc_column][\/vc_row][vc_row css=&#8221; [&hellip;]<\/p>\n","protected":false},"author":1,"featured_media":0,"parent":0,"menu_order":0,"comment_status":"closed","ping_status":"closed","template":"","meta":{"content-type":"","footnotes":""},"class_list":["post-16113","page","type-page","status-publish","hentry"],"_links":{"self":[{"href":"https:\/\/www.elegance.fr\/ja\/wp-json\/wp\/v2\/pages\/16113","targetHints":{"allow":["GET"]}}],"collection":[{"href":"https:\/\/www.elegance.fr\/ja\/wp-json\/wp\/v2\/pages"}],"about":[{"href":"https:\/\/www.elegance.fr\/ja\/wp-json\/wp\/v2\/types\/page"}],"author":[{"embeddable":true,"href":"https:\/\/www.elegance.fr\/ja\/wp-json\/wp\/v2\/users\/1"}],"replies":[{"embeddable":true,"href":"https:\/\/www.elegance.fr\/ja\/wp-json\/wp\/v2\/comments?post=16113"}],"version-history":[{"count":0,"href":"https:\/\/www.elegance.fr\/ja\/wp-json\/wp\/v2\/pages\/16113\/revisions"}],"wp:attachment":[{"href":"https:\/\/www.elegance.fr\/ja\/wp-json\/wp\/v2\/media?parent=16113"}],"curies":[{"name":"wp","href":"https:\/\/api.w.org\/{rel}","templated":true}]}}