{"id":3580,"date":"2018-08-20T16:04:37","date_gmt":"2018-08-20T14:04:37","guid":{"rendered":"https:\/\/www.elegance.fr\/groupe\/equipe\/developpement\/"},"modified":"2026-03-03T12:47:57","modified_gmt":"2026-03-03T11:47:57","slug":"developpement","status":"publish","type":"page","link":"https:\/\/www.elegance.fr\/ja\/groupe\/equipe\/developpement\/","title":{"rendered":"Administrative"},"content":{"rendered":"<div class=\"wpb-content-wrapper\"><p>[vc_row full_width=&#8221;stretch_row&#8221; content_placement=&#8221;middle&#8221; height=&#8221;250&#8243; css=&#8221;.vc_custom_1531727416163{background-color: #ffffff !important;}&#8221;][vc_column][vc_row_inner][vc_column_inner width=&#8221;1\/6&#8243;][\/vc_column_inner][vc_column_inner width=&#8221;2\/3&#8243;][vc_single_image image=&#8221;59276&#8243; img_size=&#8221;full&#8221; alignment=&#8221;center&#8221; css=&#8221;&#8221;][\/vc_column_inner][vc_column_inner width=&#8221;1\/6&#8243;][\/vc_column_inner][\/vc_row_inner][vc_column_text css=&#8221;&#8221;]<\/p>\n<p style=\"text-align: center;\"><strong>D\u00e9couvrez l&#8217;ensemble des visages qui constituent les coulisses et les rouages d&#8217;El\u00e9gance France. Tous contribuent au fonctionnement de l&#8217;entreprise, \u00e0 travers sa communication et son image, ses chiffres et ses finances, ses programmes scolaires et ses m\u00e9thodes p\u00e9dagogiques, son d\u00e9veloppement national et international.<\/strong><\/p>\n<p>&nbsp;<\/p>\n<p>[\/vc_column_text][\/vc_column][\/vc_row][vc_row][vc_column width=&#8221;1\/4&#8243; css=&#8221;.vc_custom_1531838928377{padding-top: 30px !important;padding-bottom: 30px !important;}&#8221;][vc_single_image image=&#8221;2102&#8243; img_size=&#8221;full&#8221; alignment=&#8221;center&#8221;][vc_column_text]<\/p>\n<p style=\"text-align: center;\"><strong>Jacques Fran\u00e7ois<\/strong><\/p>\n<p style=\"text-align: center;\">Associ\u00e9 &#8211;\u00a0 Directeur financier<\/p>\n<p style=\"text-align: center;\">Service Financier<\/p>\n<p>[\/vc_column_text][\/vc_column][vc_column width=&#8221;1\/4&#8243; css=&#8221;.vc_custom_1531838894312{padding-top: 30px !important;padding-bottom: 30px !important;}&#8221;][vc_single_image image=&#8221;2114&#8243; img_size=&#8221;full&#8221; alignment=&#8221;center&#8221;][vc_column_text css=&#8221;&#8221;]<\/p>\n<p style=\"text-align: center;\"><strong>Masako Fran\u00e7ois<\/strong><\/p>\n<p style=\"text-align: center;\">Coordinatrice Japon<\/p>\n<p style=\"text-align: center;\">Dipl\u00f4me universitaire en Anglais<\/p>\n<p style=\"text-align: center;\">Service D\u00e9veloppement Asie<\/p>\n<p>[\/vc_column_text][\/vc_column][vc_column width=&#8221;1\/4&#8243; css=&#8221;.vc_custom_1531838933704{padding-top: 30px !important;padding-bottom: 30px !important;}&#8221;][vc_single_image image=&#8221;45135&#8243; img_size=&#8221;full&#8221; alignment=&#8221;center&#8221;][vc_column_text css=&#8221;&#8221;]<\/p>\n<p style=\"text-align: center;\"><strong>Carmen Donisan<\/strong><\/p>\n<p style=\"text-align: center;\">Responsable Comptabilit\u00e9<\/p>\n<p style=\"text-align: center;\">Master de comptabilit\u00e9, expertise, audit<\/p>\n<p style=\"text-align: center;\">\u00a0Service Comptabilit\u00e9<\/p>\n<p>[\/vc_column_text][\/vc_column][vc_column width=&#8221;1\/4&#8243; css=&#8221;.vc_custom_1531838911558{padding-top: 30px !important;padding-bottom: 30px !important;}&#8221;][vc_single_image image=&#8221;45130&#8243; img_size=&#8221;full&#8221; alignment=&#8221;center&#8221;][vc_column_text css=&#8221;&#8221;]<\/p>\n<p style=\"text-align: center;\"><strong>Ang\u00e9lique Logie<\/strong><\/p>\n<p style=\"text-align: center;\">Assistante Comptabilit\u00e9<\/p>\n<p style=\"text-align: center;\">Certification professionnelle d&#8217;assistante comptable<\/p>\n<p style=\"text-align: center;\">Service Comptabilit\u00e9<\/p>\n<p>[\/vc_column_text][\/vc_column][\/vc_row][vc_row][vc_column width=&#8221;1\/4&#8243; css=&#8221;.vc_custom_1531838933704{padding-top: 30px !important;padding-bottom: 30px !important;}&#8221;][vc_single_image image=&#8221;45140&#8243; img_size=&#8221;full&#8221; alignment=&#8221;center&#8221;][vc_column_text css=&#8221;&#8221;]<\/p>\n<p style=\"text-align: center;\"><strong>Liana Roumi<\/strong><\/p>\n<p style=\"text-align: center;\">Responsable Admissions<\/p>\n<p style=\"text-align: center;\">Licence de langues et DUT techniques de commercialisation<\/p>\n<p style=\"text-align: center;\">\u00a0Service Admissions<\/p>\n<p>[\/vc_column_text][\/vc_column][vc_column width=&#8221;1\/4&#8243; css=&#8221;.vc_custom_1531838928377{padding-top: 30px !important;padding-bottom: 30px !important;}&#8221;][vc_single_image image=&#8221;45175&#8243; img_size=&#8221;full&#8221; alignment=&#8221;center&#8221;][vc_column_text css=&#8221;&#8221;]<\/p>\n<p style=\"text-align: center;\"><strong>Sandrine Van Royen<\/strong><\/p>\n<p style=\"text-align: center;\">Conseill\u00e8re en formation et Charg\u00e9e de la relation Entreprises<\/p>\n<p style=\"text-align: center;\">BTS MUC et MECP<\/p>\n<p style=\"text-align: center;\">Service Admissions<\/p>\n<p>[\/vc_column_text][\/vc_column][vc_column width=&#8221;1\/4&#8243; css=&#8221;.vc_custom_1531838911558{padding-top: 30px !important;padding-bottom: 30px !important;}&#8221;][vc_single_image image=&#8221;34069&#8243; img_size=&#8221;large&#8221; alignment=&#8221;center&#8221;][vc_column_text css=&#8221;&#8221;]<\/p>\n<p style=\"text-align: center;\"><strong>Edurn\u00e9 Goni-Sobejano<\/strong><\/p>\n<p style=\"text-align: center;\">Assistante administrative<\/p>\n<p style=\"text-align: center;\">Dipl\u00f4me universitaire en Tourisme<\/p>\n<p style=\"text-align: center;\">Service Admissions<\/p>\n<p>[\/vc_column_text][\/vc_column][vc_column width=&#8221;1\/4&#8243; css=&#8221;.vc_custom_1531838903018{padding-top: 30px !important;padding-bottom: 30px !important;}&#8221;][vc_single_image image=&#8221;45414&#8243; img_size=&#8221;large&#8221; alignment=&#8221;center&#8221;][vc_column_text css=&#8221;&#8221;]<\/p>\n<p style=\"text-align: center;\"><strong>Math\u00e9o Knecht<\/strong><\/p>\n<p style=\"text-align: center;\">Apprenti Charg\u00e9 de projets commerciaux<\/p>\n<p style=\"text-align: center;\">3eme ann\u00e9e en Bachelor de Commerce international<\/p>\n<p style=\"text-align: center;\">Service Consulting<\/p>\n<p>[\/vc_column_text][\/vc_column][\/vc_row][vc_row][vc_column width=&#8221;1\/4&#8243; css=&#8221;.vc_custom_1531838933704{padding-top: 30px !important;padding-bottom: 30px !important;}&#8221;][vc_single_image image=&#8221;22858&#8243; img_size=&#8221;large&#8221; alignment=&#8221;center&#8221;][vc_column_text css=&#8221;&#8221;]<\/p>\n<p style=\"text-align: center;\"><strong>Patricia Guerrero<\/strong><\/p>\n<p style=\"text-align: center;\">Responsable p\u00e9dagogique<\/p>\n<p style=\"text-align: center;\">Licence AES<\/p>\n<p style=\"text-align: center;\">Service Scolarit\u00e9<\/p>\n<p>[\/vc_column_text][\/vc_column][vc_column width=&#8221;1\/4&#8243; css=&#8221;.vc_custom_1531838928377{padding-top: 30px !important;padding-bottom: 30px !important;}&#8221;][vc_single_image image=&#8221;48681&#8243; img_size=&#8221;large&#8221; alignment=&#8221;center&#8221;][vc_column_text css=&#8221;&#8221;]<\/p>\n<p style=\"text-align: center;\"><strong>St\u00e9phanie Bosboeuf<\/strong><\/p>\n<p style=\"text-align: center;\">Assistante Scolarit\u00e9<\/p>\n<p style=\"text-align: center;\">BTS Assitante de gestion<\/p>\n<p style=\"text-align: center;\">Service Scolarit\u00e9<\/p>\n<p>[\/vc_column_text][\/vc_column][vc_column width=&#8221;1\/4&#8243; css=&#8221;.vc_custom_1531838911558{padding-top: 30px !important;padding-bottom: 30px !important;}&#8221;][vc_single_image image=&#8221;63424&#8243; img_size=&#8221;full&#8221; alignment=&#8221;center&#8221; css=&#8221;&#8221;][vc_column_text css=&#8221;&#8221;]<\/p>\n<p style=\"text-align: center;\"><strong>Julia Roger<\/strong><\/p>\n<p style=\"text-align: center;\">Assistance administrative<\/p>\n<p style=\"text-align: center;\">Licence professionnelle en notariat<\/p>\n<p style=\"text-align: center;\">Accueil &amp; Scolarit\u00e9<\/p>\n<p>[\/vc_column_text][\/vc_column][vc_column width=&#8221;1\/4&#8243; css=&#8221;.vc_custom_1531838903018{padding-top: 30px !important;padding-bottom: 30px !important;}&#8221;][vc_single_image image=&#8221;45145&#8243; img_size=&#8221;full&#8221; alignment=&#8221;center&#8221;][vc_column_text css=&#8221;&#8221;]<\/p>\n<p style=\"text-align: center;\"><b>Catherine Isner<\/b><\/p>\n<p style=\"text-align: center;\">Responsable p\u00e9dagogique e-learning<\/p>\n<p style=\"text-align: center;\">Certification professionnelle Digital Learning Manager<\/p>\n<p style=\"text-align: center;\">Service E-learning<\/p>\n<p>[\/vc_column_text][\/vc_column][\/vc_row][vc_row][vc_column width=&#8221;1\/4&#8243; css=&#8221;.vc_custom_1531838933704{padding-top: 30px !important;padding-bottom: 30px !important;}&#8221;][vc_single_image image=&#8221;45155&#8243; img_size=&#8221;large&#8221; alignment=&#8221;center&#8221; style=&#8221;vc_box_circle_2&#8243;][vc_column_text css=&#8221;&#8221;]<\/p>\n<p style=\"text-align: center;\"><strong>Marion Mar\u00e9cau<\/strong><\/p>\n<p style=\"text-align: center;\">Responsable Marketing<\/p>\n<p style=\"text-align: center;\">Dipl\u00f4me Ing\u00e9nieur en marketing strat\u00e9gique<\/p>\n<p style=\"text-align: center;\">Service Marketing<\/p>\n<p>[\/vc_column_text][\/vc_column][vc_column width=&#8221;1\/4&#8243; css=&#8221;.vc_custom_1531838928377{padding-top: 30px !important;padding-bottom: 30px !important;}&#8221;][vc_single_image image=&#8221;45419&#8243; img_size=&#8221;large&#8221; alignment=&#8221;center&#8221;][vc_column_text css=&#8221;&#8221;]<\/p>\n<p style=\"text-align: center;\"><strong>Maxime Saucray<\/strong><\/p>\n<p style=\"text-align: center;\">Graphiste &amp; vid\u00e9aste<\/p>\n<p style=\"text-align: center;\">Certification professionnelle Seo<\/p>\n<p style=\"text-align: center;\">Dipl\u00f4mes en communication visuelle pluri m\u00e9dia et DECG<\/p>\n<p style=\"text-align: center;\">Service Marketing<\/p>\n<p>[\/vc_column_text][\/vc_column][vc_column width=&#8221;1\/4&#8243; css=&#8221;.vc_custom_1531838911558{padding-top: 30px !important;padding-bottom: 30px !important;}&#8221;][vc_single_image image=&#8221;58059&#8243; img_size=&#8221;large&#8221; alignment=&#8221;center&#8221; css=&#8221;&#8221;][vc_column_text css=&#8221;&#8221;]<\/p>\n<p style=\"text-align: center;\"><strong>Laur\u00e8ne Richard<\/strong><\/p>\n<p style=\"text-align: center;\">Apprentie Assistante Marketing<\/p>\n<p style=\"text-align: center;\">1\u00e8re ann\u00e9e en Master de marketing digital<\/p>\n<p style=\"text-align: center;\">Service Marketing<\/p>\n<p>[\/vc_column_text][\/vc_column][vc_column width=&#8221;1\/4&#8243; css=&#8221;.vc_custom_1531838903018{padding-top: 30px !important;padding-bottom: 30px !important;}&#8221;][vc_single_image image=&#8221;63428&#8243; img_size=&#8221;large&#8221; alignment=&#8221;center&#8221; css=&#8221;&#8221;][vc_column_text css=&#8221;&#8221;]<\/p>\n<p style=\"text-align: center;\"><strong>Mathieu Senectaire<\/strong><\/p>\n<p style=\"text-align: center;\">Vid\u00e9aste e-learning<\/p>\n<p style=\"text-align: center;\">Licence audiovisuelle<\/p>\n<p style=\"text-align: center;\">Service E-learning<\/p>\n<p>[\/vc_column_text][\/vc_column][\/vc_row][vc_row][vc_column width=&#8221;1\/4&#8243; css=&#8221;.vc_custom_1531838933704{padding-top: 30px !important;padding-bottom: 30px !important;}&#8221;][vc_single_image image=&#8221;63478&#8243; img_size=&#8221;large&#8221; alignment=&#8221;center&#8221; css=&#8221;&#8221;][vc_column_text css=&#8221;&#8221;]<\/p>\n<p style=\"text-align: center;\"><strong>Elodie Mah\u00e9<\/strong><\/p>\n<p style=\"text-align: center;\">Charg\u00e9e de suivi de projets<\/p>\n<p style=\"text-align: center;\">Service Consulting<\/p>\n<p>[\/vc_column_text][\/vc_column][vc_column width=&#8221;1\/4&#8243; css=&#8221;.vc_custom_1531838928377{padding-top: 30px !important;padding-bottom: 30px !important;}&#8221;][vc_single_image image=&#8221;45170&#8243; img_size=&#8221;large&#8221; alignment=&#8221;center&#8221;][vc_column_text css=&#8221;&#8221;]<\/p>\n<p style=\"text-align: center;\"><strong>Dani\u00e8lle Delblond<\/strong><\/p>\n<p style=\"text-align: center;\">Charg\u00e9e d&#8217;entretien<\/p>\n<p style=\"text-align: center;\">Service Entretien<\/p>\n<p>[\/vc_column_text][\/vc_column][vc_column width=&#8221;1\/4&#8243; css=&#8221;.vc_custom_1531838911558{padding-top: 30px !important;padding-bottom: 30px !important;}&#8221;][\/vc_column][vc_column width=&#8221;1\/4&#8243; css=&#8221;.vc_custom_1531838903018{padding-top: 30px !important;padding-bottom: 30px !important;}&#8221;][\/vc_column][\/vc_row]<\/p>\n<\/div>","protected":false},"excerpt":{"rendered":"<p>[vc_row full_width=&#8221;stretch_row&#8221; content_placement=&#8221;middle&#8221; height=&#8221;250&#8243; c [&hellip;]<\/p>\n","protected":false},"author":1,"featured_media":0,"parent":3577,"menu_order":2,"comment_status":"closed","ping_status":"closed","template":"","meta":{"content-type":"","footnotes":""},"class_list":["post-3580","page","type-page","status-publish","hentry"],"_links":{"self":[{"href":"https:\/\/www.elegance.fr\/ja\/wp-json\/wp\/v2\/pages\/3580","targetHints":{"allow":["GET"]}}],"collection":[{"href":"https:\/\/www.elegance.fr\/ja\/wp-json\/wp\/v2\/pages"}],"about":[{"href":"https:\/\/www.elegance.fr\/ja\/wp-json\/wp\/v2\/types\/page"}],"author":[{"embeddable":true,"href":"https:\/\/www.elegance.fr\/ja\/wp-json\/wp\/v2\/users\/1"}],"replies":[{"embeddable":true,"href":"https:\/\/www.elegance.fr\/ja\/wp-json\/wp\/v2\/comments?post=3580"}],"version-history":[{"count":0,"href":"https:\/\/www.elegance.fr\/ja\/wp-json\/wp\/v2\/pages\/3580\/revisions"}],"up":[{"embeddable":true,"href":"https:\/\/www.elegance.fr\/ja\/wp-json\/wp\/v2\/pages\/3577"}],"wp:attachment":[{"href":"https:\/\/www.elegance.fr\/ja\/wp-json\/wp\/v2\/media?parent=3580"}],"curies":[{"name":"wp","href":"https:\/\/api.w.org\/{rel}","templated":true}]}}